{"id":84,"date":"2021-03-29T14:45:12","date_gmt":"2021-03-29T14:45:12","guid":{"rendered":"http:\/\/klemmerhof.at\/kh_wordpress1\/?page_id=84"},"modified":"2025-06-11T11:35:08","modified_gmt":"2025-06-11T09:35:08","slug":"preise","status":"publish","type":"page","link":"https:\/\/klemmerhof.at\/index.php\/preise\/","title":{"rendered":"Preise &#038; Buchungsanfrage"},"content":{"rendered":"<div id=\"pl-84\"  class=\"panel-layout\" ><div id=\"pg-84-0\"  class=\"panel-grid panel-no-style\" ><div id=\"pgc-84-0-0\"  class=\"panel-grid-cell\" ><div id=\"panel-84-0-0-0\" class=\"so-panel widget widget_sow-headline panel-first-child\" data-index=\"0\" ><div\n\t\t\t\n\t\t\tclass=\"so-widget-sow-headline so-widget-sow-headline-default-6b52635ceda7-84 so-widget-fittext-wrapper\"\n\t\t\t data-fit-text-compressor=\"0.85\"\n\t\t><div class=\"sow-headline-container \">\n\t<h1 class='sow-headline'>Preise &amp; Anfrage<\/h1><\/div><\/div><\/div><div id=\"panel-84-0-0-1\" class=\"so-panel widget widget_sow-image panel-last-child\" data-index=\"1\" ><div\n\t\t\t\n\t\t\tclass=\"so-widget-sow-image so-widget-sow-image-default-17bc2272b535-84\"\n\t\t\t\n\t\t>\n\n<div class=\"sow-image-container\">\n\t\t<img src=\"https:\/\/klemmerhof.at\/wp-content\/uploads\/2021\/03\/4-daisies-klemmer.png\" width=\"150\" height=\"150\" srcset=\"https:\/\/klemmerhof.at\/wp-content\/uploads\/2021\/03\/4-daisies-klemmer.png 500w, https:\/\/klemmerhof.at\/wp-content\/uploads\/2021\/03\/4-daisies-klemmer-300x300.png 300w, https:\/\/klemmerhof.at\/wp-content\/uploads\/2021\/03\/4-daisies-klemmer-150x150.png 150w\" sizes=\"(max-width: 150px) 100vw, 150px\" title=\"klemmerhof logo\" alt=\"klemmerhof logo\" loading=\"lazy\" \t\tclass=\"so-widget-image\"\/>\n\t<\/div>\n\n<\/div><\/div><\/div><\/div><div id=\"pg-84-1\"  class=\"panel-grid panel-no-style\" ><div id=\"pgc-84-1-0\"  class=\"panel-grid-cell\" ><div id=\"panel-84-1-0-0\" class=\"so-panel widget widget_sow-headline panel-first-child\" data-index=\"2\" ><div\n\t\t\t\n\t\t\tclass=\"so-widget-sow-headline so-widget-sow-headline-default-eb58c90b4a68-84\"\n\t\t\t\n\t\t><div class=\"sow-headline-container \">\n\t<h2 class='sow-headline'>Preise Sommer 2025<\/h2>\t\t\t\t\t<div class=\"decoration\">\n\t\t\t\t\t\t<div class=\"decoration-inside\"><\/div>\n\t\t\t\t\t<\/div>\n\t\t\t\t\t<\/div><\/div><\/div><div id=\"panel-84-1-0-1\" class=\"so-panel widget widget_sow-price-table\" data-index=\"3\" ><div\n\t\t\t\n\t\t\tclass=\"so-widget-sow-price-table so-widget-sow-price-table-atom-1fc1aaf68787-84\"\n\t\t\t\n\t\t>\n\n<div class=\"ow-pt-columns-atom sow-equalize-row-heights\">\n\n\t        <div class=\"ow-pt-column ow-pt-first ow-pt-even\"\n             style=\"width: 20%\">\n            <div class=\"ow-pt-title\">\n\t\t\t\tZimmer mit Fr\u00fchst\u00fcck\t\t\t\t            <\/div>\n\n            <div class=\"ow-pt-details\">\n                <div class=\"ow-pt-price\">65,-<\/div>\n                <div class=\"ow-pt-per\">Person\/Nacht<\/div>\n            <\/div>\n\n\t\t\t\n            <div class=\"ow-pt-features\">\n\t\t\t\t                    <div class=\"ow-pt-feature ow-pt-feature-even ow-pt-feature-index-0\" title=\"\">\n\n\t\t\t\t\t\t                        <div class=\"sow-feature-text\">\n                            <p>\n\t\t\t\t\t\t\t\tinkl. Schladming-Dachstein Sommercard                            <\/p>\n                        <\/div>\n                    <\/div>\n\t\t\t\t            <\/div>\n\n\t\t\t        <\/div>\n\t        <div class=\"ow-pt-column ow-pt-odd\"\n             style=\"width: 20%\">\n            <div class=\"ow-pt-title\">\n\t\t\t\tApartment Dachstein\t\t\t\t                    <div class=\"ow-pt-subtitle\">bis zu 6 Personen<\/div>            <\/div>\n\n            <div class=\"ow-pt-details\">\n                <div class=\"ow-pt-price\">250,-<\/div>\n                <div class=\"ow-pt-per\">Nacht<\/div>\n            <\/div>\n\n\t\t\t\n            <div class=\"ow-pt-features\">\n\t\t\t\t                    <div class=\"ow-pt-feature ow-pt-feature-even ow-pt-feature-index-0\" title=\"\">\n\n\t\t\t\t\t\t                        <div class=\"sow-feature-text\">\n                            <p>\n\t\t\t\t\t\t\t\tinkl. Schladming-Dachstein Sommercard                            <\/p>\n                        <\/div>\n                    <\/div>\n\t\t\t\t            <\/div>\n\n\t\t\t        <\/div>\n\t        <div class=\"ow-pt-column ow-pt-even\"\n             style=\"width: 20%\">\n            <div class=\"ow-pt-title\">\n\t\t\t\tApartment Hochwurzen\t\t\t\t                    <div class=\"ow-pt-subtitle\">4 Personen<\/div>            <\/div>\n\n            <div class=\"ow-pt-details\">\n                <div class=\"ow-pt-price\">190,-<\/div>\n                <div class=\"ow-pt-per\">Nacht<\/div>\n            <\/div>\n\n\t\t\t\n            <div class=\"ow-pt-features\">\n\t\t\t\t                    <div class=\"ow-pt-feature ow-pt-feature-even ow-pt-feature-index-0\" title=\"\">\n\n\t\t\t\t\t\t                        <div class=\"sow-feature-text\">\n                            <p>\n\t\t\t\t\t\t\t\tinkl. Schladming-Dachstein Sommercard                            <\/p>\n                        <\/div>\n                    <\/div>\n\t\t\t\t                    <div class=\"ow-pt-feature ow-pt-feature-odd ow-pt-feature-index-1\" title=\"\">\n\n\t\t\t\t\t\t                        <div class=\"sow-feature-text\">\n                            <p>\n\t\t\t\t\t\t\t\tPreis f\u00fcr 5 Personen: 210,-                             <\/p>\n                        <\/div>\n                    <\/div>\n\t\t\t\t            <\/div>\n\n\t\t\t        <\/div>\n\t        <div class=\"ow-pt-column ow-pt-odd\"\n             style=\"width: 20%\">\n            <div class=\"ow-pt-title\">\n\t\t\t\tApartment Planai\t\t\t\t                    <div class=\"ow-pt-subtitle\">4 Personen<\/div>            <\/div>\n\n            <div class=\"ow-pt-details\">\n                <div class=\"ow-pt-price\">180,-<\/div>\n                <div class=\"ow-pt-per\">Nacht<\/div>\n            <\/div>\n\n\t\t\t\n            <div class=\"ow-pt-features\">\n\t\t\t\t                    <div class=\"ow-pt-feature ow-pt-feature-even ow-pt-feature-index-0\" title=\"\">\n\n\t\t\t\t\t\t                        <div class=\"sow-feature-text\">\n                            <p>\n\t\t\t\t\t\t\t\tinkl. Schladming-Dachstein Sommercard                            <\/p>\n                        <\/div>\n                    <\/div>\n\t\t\t\t                    <div class=\"ow-pt-feature ow-pt-feature-odd ow-pt-feature-index-1\" title=\"\">\n\n\t\t\t\t\t\t                        <div class=\"sow-feature-text\">\n                            <p>\n\t\t\t\t\t\t\t\tPreis f\u00fcr 5 Personen: 200,-                            <\/p>\n                        <\/div>\n                    <\/div>\n\t\t\t\t            <\/div>\n\n\t\t\t        <\/div>\n\t        <div class=\"ow-pt-column ow-pt-last ow-pt-even\"\n             style=\"width: 20%\">\n            <div class=\"ow-pt-title\">\n\t\t\t\tApartment Ennstal\t\t\t\t                    <div class=\"ow-pt-subtitle\">bis zu 4 Personen<\/div>            <\/div>\n\n            <div class=\"ow-pt-details\">\n                <div class=\"ow-pt-price\">170,-<\/div>\n                <div class=\"ow-pt-per\">Nacht<\/div>\n            <\/div>\n\n\t\t\t\n            <div class=\"ow-pt-features\">\n\t\t\t\t                    <div class=\"ow-pt-feature ow-pt-feature-even ow-pt-feature-index-0\" title=\"\">\n\n\t\t\t\t\t\t                        <div class=\"sow-feature-text\">\n                            <p>\n\t\t\t\t\t\t\t\tinkl. Schladming-Dachstein Sommercard                            <\/p>\n                        <\/div>\n                    <\/div>\n\t\t\t\t            <\/div>\n\n\t\t\t        <\/div>\n\t\n\n\t\n<\/div>\n<\/div><\/div><div id=\"panel-84-1-0-2\" class=\"so-panel widget widget_sow-editor panel-last-child\" data-index=\"4\" ><div\n\t\t\t\n\t\t\tclass=\"so-widget-sow-editor so-widget-sow-editor-base\"\n\t\t\t\n\t\t>\n<div class=\"siteorigin-widget-tinymce textwidget\">\n\t<p style=\"text-align: center;\">Aufpreis f\u00fcr Apartment mit Fr\u00fchst\u00fcck: 15,- f\u00fcr Erwachsene, 7,- f\u00fcr Kinder. Endreinigung 40,- bis 50,-. Alle Angebote und Preise sind Richtpreise, freibleibend und unverbindlich. Die Preise sind inklusive N\u00e4chtigungsabgabe von 2,50,-. Die bei uns g\u00fcltigen Stornobedingungen finden Sie <a href=\"https:\/\/www.wko.at\/branchen\/tourismus-freizeitwirtschaft\/hotellerie\/AGBH_061115.pdf\">hier<\/a>.<\/p>\n<\/div>\n<\/div><\/div><\/div><\/div><div id=\"pg-84-2\"  class=\"panel-grid panel-no-style\" ><div id=\"pgc-84-2-0\"  class=\"panel-grid-cell\" ><div id=\"panel-84-2-0-0\" class=\"so-panel widget widget_sow-headline panel-first-child\" data-index=\"5\" ><div\n\t\t\t\n\t\t\tclass=\"so-widget-sow-headline so-widget-sow-headline-default-eb58c90b4a68-84\"\n\t\t\t\n\t\t><div class=\"sow-headline-container \">\n\t<h2 class='sow-headline'>Preise Winter 2025\/26<\/h2>\t\t\t\t\t<div class=\"decoration\">\n\t\t\t\t\t\t<div class=\"decoration-inside\"><\/div>\n\t\t\t\t\t<\/div>\n\t\t\t\t\t<\/div><\/div><\/div><div id=\"panel-84-2-0-1\" class=\"so-panel widget widget_sow-price-table\" data-index=\"6\" ><div\n\t\t\t\n\t\t\tclass=\"so-widget-sow-price-table so-widget-sow-price-table-atom-1fc1aaf68787-84\"\n\t\t\t\n\t\t>\n\n<div class=\"ow-pt-columns-atom sow-equalize-row-heights\">\n\n\t        <div class=\"ow-pt-column ow-pt-first ow-pt-even\"\n             style=\"width: 16.667%\">\n            <div class=\"ow-pt-title\">\n\t\t\t\tZimmer mit Fr\u00fchst\u00fcck\t\t\t\t            <\/div>\n\n            <div class=\"ow-pt-details\">\n                <div class=\"ow-pt-price\">71,-<\/div>\n                <div class=\"ow-pt-per\">Person\/Nacht<\/div>\n            <\/div>\n\n\t\t\t\n            <div class=\"ow-pt-features\">\n\t\t\t\t                    <div class=\"ow-pt-feature ow-pt-feature-even ow-pt-feature-index-0\" title=\"\">\n\n\t\t\t\t\t\t                        <div class=\"sow-feature-text\">\n                            <p>\n\t\t\t\t\t\t\t\tAufpreis f\u00fcr Abendessen: 24,- f\u00fcr Erwachsene, 14,- f\u00fcr Kinder                            <\/p>\n                        <\/div>\n                    <\/div>\n\t\t\t\t            <\/div>\n\n\t\t\t        <\/div>\n\t        <div class=\"ow-pt-column ow-pt-odd\"\n             style=\"width: 16.667%\">\n            <div class=\"ow-pt-title\">\n\t\t\t\tZimmer mit Halbpension\t\t\t\t            <\/div>\n\n            <div class=\"ow-pt-details\">\n                <div class=\"ow-pt-price\">95,-<\/div>\n                <div class=\"ow-pt-per\">Person\/Nacht<\/div>\n            <\/div>\n\n\t\t\t\n            <div class=\"ow-pt-features\">\n\t\t\t\t                    <div class=\"ow-pt-feature ow-pt-feature-even ow-pt-feature-index-0\" title=\"\">\n\n\t\t\t\t\t\t                        <div class=\"sow-feature-text\">\n                            <p>\n\t\t\t\t\t\t\t\tMittwochs gibt es kein Abendessen                            <\/p>\n                        <\/div>\n                    <\/div>\n\t\t\t\t            <\/div>\n\n\t\t\t        <\/div>\n\t        <div class=\"ow-pt-column ow-pt-even\"\n             style=\"width: 16.667%\">\n            <div class=\"ow-pt-title\">\n\t\t\t\tApartment Dachstein\t\t\t\t                    <div class=\"ow-pt-subtitle\">bis zu 6 Personen<\/div>            <\/div>\n\n            <div class=\"ow-pt-details\">\n                <div class=\"ow-pt-price\">280,-<\/div>\n                <div class=\"ow-pt-per\">Nacht<\/div>\n            <\/div>\n\n\t\t\t\n            <div class=\"ow-pt-features\">\n\t\t\t\t            <\/div>\n\n\t\t\t        <\/div>\n\t        <div class=\"ow-pt-column ow-pt-odd\"\n             style=\"width: 16.667%\">\n            <div class=\"ow-pt-title\">\n\t\t\t\tApartment Hochwurzen\t\t\t\t                    <div class=\"ow-pt-subtitle\">bis zu 5 Personen<\/div>            <\/div>\n\n            <div class=\"ow-pt-details\">\n                <div class=\"ow-pt-price\">220,-<\/div>\n                <div class=\"ow-pt-per\">Nacht<\/div>\n            <\/div>\n\n\t\t\t\n            <div class=\"ow-pt-features\">\n\t\t\t\t            <\/div>\n\n\t\t\t        <\/div>\n\t        <div class=\"ow-pt-column ow-pt-even\"\n             style=\"width: 16.667%\">\n            <div class=\"ow-pt-title\">\n\t\t\t\tApartment Planai\t\t\t\t                    <div class=\"ow-pt-subtitle\">bis zu 5 Personen<\/div>            <\/div>\n\n            <div class=\"ow-pt-details\">\n                <div class=\"ow-pt-price\">210,-<\/div>\n                <div class=\"ow-pt-per\">Nacht<\/div>\n            <\/div>\n\n\t\t\t\n            <div class=\"ow-pt-features\">\n\t\t\t\t            <\/div>\n\n\t\t\t        <\/div>\n\t        <div class=\"ow-pt-column ow-pt-last ow-pt-odd\"\n             style=\"width: 16.667%\">\n            <div class=\"ow-pt-title\">\n\t\t\t\tApartment Ennstal\t\t\t\t                    <div class=\"ow-pt-subtitle\">bis zu 4 Personen<\/div>            <\/div>\n\n            <div class=\"ow-pt-details\">\n                <div class=\"ow-pt-price\">190,-<\/div>\n                <div class=\"ow-pt-per\">Nacht<\/div>\n            <\/div>\n\n\t\t\t\n            <div class=\"ow-pt-features\">\n\t\t\t\t            <\/div>\n\n\t\t\t        <\/div>\n\t\n\n\t\n<\/div>\n<\/div><\/div><div id=\"panel-84-2-0-2\" class=\"so-panel widget widget_sow-editor panel-last-child\" data-index=\"7\" ><div\n\t\t\t\n\t\t\tclass=\"so-widget-sow-editor so-widget-sow-editor-base\"\n\t\t\t\n\t\t>\n<div class=\"siteorigin-widget-tinymce textwidget\">\n\t<p style=\"text-align: center;\">Alle Angebote und Preise sind Richtpreise, freibleibend und unverbindlich. Die Preise sind inklusive N\u00e4chtigungsabgabe von 2,50,-. Die bei uns g\u00fcltigen Stornobedingungen finden Sie <a href=\"https:\/\/www.wko.at\/branchen\/tourismus-freizeitwirtschaft\/hotellerie\/AGBH_061115.pdf\">hier<\/a>.<\/p>\n<\/div>\n<\/div><\/div><\/div><\/div><div id=\"pg-84-3\"  class=\"panel-grid panel-no-style\" ><div id=\"pgc-84-3-0\"  class=\"panel-grid-cell\" ><div id=\"panel-84-3-0-0\" class=\"so-panel widget widget_sow-headline panel-first-child\" data-index=\"8\" ><div\n\t\t\t\n\t\t\tclass=\"so-widget-sow-headline so-widget-sow-headline-default-771b70f7f01f-84 so-widget-fittext-wrapper\"\n\t\t\t data-fit-text-compressor=\"0.85\"\n\t\t><div class=\"sow-headline-container \">\n\t<h2 class='sow-headline'>Anfrage<\/h2><\/div><\/div><\/div><div id=\"panel-84-3-0-1\" class=\"so-panel widget widget_sow-editor\" data-index=\"9\" ><div\n\t\t\t\n\t\t\tclass=\"so-widget-sow-editor so-widget-sow-editor-base\"\n\t\t\t\n\t\t>\n<div class=\"siteorigin-widget-tinymce textwidget\">\n\t<p style=\"text-align: center;\">Stellen Sie hier eine unverbindliche Buchungsanfrage f\u00fcr ein G\u00e4stezimmer oder eine unserer Ferienwohnungen. Im Textfeld unten im Formular k\u00f6nnen Sie uns zus\u00e4tzliche Informationen oder Fragen zukommen lassen. Wir werden uns baldestm\u00f6glich nach Erhalt Ihrer Anfrage melden. Wenn Sie uns dar\u00fcber hinaus kontaktieren wollen, schreiben Sie uns ein E-Mail auf <a href=\"mailto:info@klemmerhof.at\">info@klemmerhof.at<\/a> oder rufen Sie uns unter <a href=\"tel:0043368761459\">+43(0)3687 614 59<\/a> an. Wir freuen uns auf Ihre Nachricht.<\/p>\n<\/div>\n<\/div><\/div><div id=\"panel-84-3-0-2\" class=\"widget_text so-panel widget widget_custom_html panel-last-child\" data-index=\"10\" ><div class=\"textwidget custom-html-widget\"><div role=\"form\" class=\"wpcf7\" id=\"wpcf7-f164-o1\" lang=\"en-US\" dir=\"ltr\">\n<div class=\"screen-reader-response\"><p role=\"status\" aria-live=\"polite\" aria-atomic=\"true\"><\/p> <ul><\/ul><\/div>\n<form action=\"\/index.php\/wp-json\/wp\/v2\/pages\/84#wpcf7-f164-o1\" method=\"post\" class=\"wpcf7-form init wpcf7-acceptance-as-validation\" novalidate=\"novalidate\" data-status=\"init\">\n<div style=\"display: none;\">\n<input type=\"hidden\" name=\"_wpcf7\" value=\"164\" \/>\n<input type=\"hidden\" name=\"_wpcf7_version\" value=\"5.6\" \/>\n<input type=\"hidden\" name=\"_wpcf7_locale\" value=\"en_US\" \/>\n<input type=\"hidden\" name=\"_wpcf7_unit_tag\" value=\"wpcf7-f164-o1\" \/>\n<input type=\"hidden\" name=\"_wpcf7_container_post\" value=\"0\" \/>\n<input type=\"hidden\" name=\"_wpcf7_posted_data_hash\" value=\"\" \/>\n<input type=\"hidden\" name=\"_wpcf7_recaptcha_response\" value=\"\" \/>\n<\/div>\n<p><label>Vor- & Nachname<br \/>\n<span class=\"wpcf7-form-control-wrap\" data-name=\"text-809\"><input type=\"text\" name=\"text-809\" value=\"\" size=\"40\" class=\"wpcf7-form-control wpcf7-text wpcf7-validates-as-required\" aria-required=\"true\" aria-invalid=\"false\" \/><\/span><\/p>\n<p><label>E-Mailadresse<br \/>\n<span class=\"wpcf7-form-control-wrap\" data-name=\"email-782\"><input type=\"email\" name=\"email-782\" value=\"\" size=\"40\" class=\"wpcf7-form-control wpcf7-text wpcf7-email wpcf7-validates-as-required wpcf7-validates-as-email\" aria-required=\"true\" aria-invalid=\"false\" \/><\/span><\/p>\n<p><label>Telefonnummer<br \/>\n<span class=\"wpcf7-form-control-wrap\" data-name=\"tel-638\"><input type=\"tel\" name=\"tel-638\" value=\"\" size=\"40\" class=\"wpcf7-form-control wpcf7-text wpcf7-tel wpcf7-validates-as-required wpcf7-validates-as-tel\" aria-required=\"true\" aria-invalid=\"false\" \/><\/span><\/p>\n<p><label>Anfragedatum<br \/>\n<span class=\"wpcf7-form-control-wrap\" data-name=\"date-9\"><input type=\"date\" name=\"date-9\" value=\"\" class=\"wpcf7-form-control wpcf7-date wpcf7-validates-as-required wpcf7-validates-as-date\" aria-required=\"true\" aria-invalid=\"false\" \/><\/span><\/p>\n<p><label>Dauer des Aufenthalts<br \/>\n<span class=\"wpcf7-form-control-wrap\" data-name=\"number-742\"><input type=\"number\" name=\"number-742\" value=\"\" class=\"wpcf7-form-control wpcf7-number wpcf7-validates-as-required wpcf7-validates-as-number\" min=\"1\" max=\"30\" aria-required=\"true\" aria-invalid=\"false\" \/><\/span><\/p>\n<p>Personenanzahl<br \/>\n<span class=\"wpcf7-form-control-wrap\" data-name=\"number-816\"><input type=\"number\" name=\"number-816\" value=\"\" class=\"wpcf7-form-control wpcf7-number wpcf7-validates-as-required wpcf7-validates-as-number\" aria-required=\"true\" aria-invalid=\"false\" \/><\/span><\/p>\n<p>Art der Unterkunft<br \/>\n<span class=\"wpcf7-form-control-wrap\" data-name=\"menu-932\"><select name=\"menu-932\" class=\"wpcf7-form-control wpcf7-select wpcf7-validates-as-required\" aria-required=\"true\" aria-invalid=\"false\"><option value=\"G\u00e4stezimmer\">G\u00e4stezimmer<\/option><option value=\"Ferienwohnung\">Ferienwohnung<\/option><\/select><\/span><\/p>\n<p><label>Hinterlassen Sie uns eine Nachricht (optional)<br \/>\n<span class=\"wpcf7-form-control-wrap\" data-name=\"textarea-426\"><textarea name=\"textarea-426\" cols=\"40\" rows=\"10\" class=\"wpcf7-form-control wpcf7-textarea\" aria-invalid=\"false\"><\/textarea><\/span><\/p>\n<p><label>Ich bin mit den <a href=\"https:\/\/klemmerhof.at\/datenschutz-impressum\/\">Datenschutzbedingungen<\/a> einverstanden<br \/>\n<span class=\"wpcf7-form-control-wrap\" data-name=\"acceptance-26\"><span class=\"wpcf7-form-control wpcf7-acceptance\"><span class=\"wpcf7-list-item\"><input type=\"checkbox\" name=\"acceptance-26\" value=\"1\" aria-invalid=\"false\" \/><\/span><\/span><\/span><\/p>\n<p><input type=\"submit\" value=\"Abschicken\" class=\"wpcf7-form-control has-spinner wpcf7-submit\" \/><\/p>\n<div class=\"wpcf7-response-output\" aria-hidden=\"true\"><\/div><\/form><\/div><\/div><\/div><\/div><\/div><div id=\"pg-84-4\"  class=\"panel-grid panel-no-style\" ><div id=\"pgc-84-4-0\"  class=\"panel-grid-cell\" ><div id=\"panel-84-4-0-0\" class=\"so-panel widget widget_sow-editor panel-first-child\" data-index=\"11\" ><div\n\t\t\t\n\t\t\tclass=\"so-widget-sow-editor so-widget-sow-editor-base\"\n\t\t\t\n\t\t>\n<div class=\"siteorigin-widget-tinymce textwidget\">\n\t<h1 style=\"text-align: center;\">Was unsere G\u00e4ste \u00fcber uns sagen...<\/h1>\n<\/div>\n<\/div><\/div><div id=\"panel-84-4-0-1\" class=\"so-panel widget widget_lsow-testimonials-slider panel-last-child\" data-index=\"12\" ><div\n\t\t\t\n\t\t\tclass=\"so-widget-lsow-testimonials-slider so-widget-lsow-testimonials-slider-default-d75171398898-84\"\n\t\t\t\n\t\t>\n<div class=\"lsow-testimonials-slider lsow-flexslider lsow-container\" data-settings='{\"slide_animation\":\"slide\",\"direction\":\"horizontal\",\"slideshow_speed\":5000,\"animation_speed\":600,\"control_nav\":true,\"direction_nav\":true,\"pause_on_hover\":true,\"pause_on_action\":true}'><div class=\"lsow-slides\"><div class=\"lsow-slide lsow-testimonial-wrapper\"><div class=\"lsow-testimonial\"><div class=\"lsow-testimonial-text\"><i class=\"lsow-icon-quote\"><\/i><p>Wir fahren schon seit vielen Jahren,im Sommer zum Klemmerhof. Es ist immer wieder sch\u00f6n und wie \"heimkommen\". Sehr, sehr nette Chefin, sehr gutes, liebevoll gerichtetes Fr\u00fchst\u00fcck. Hervorzuheben ist auch die Sauberkeit des Hauses. Wir werden immer wieder kommen!<\/p>\n<\/div><div class=\"lsow-testimonial-user\"><div class=\"lsow-image-wrapper\"><\/div><!-- .lsow-image-wrapper --><div class=\"lsow-text\"><h3 class=\"lsow-author-name\">Petra &amp; Thomas<\/h3><div class=\"lsow-author-credentials\"><\/div><\/div><\/div><!-- .lsow-testimonial-user --><\/div><!-- .lsow-testimonial --><\/div><!-- .lsow-testimonial-wrapper.lsow-slide --><div class=\"lsow-slide lsow-testimonial-wrapper\"><div class=\"lsow-testimonial\"><div class=\"lsow-testimonial-text\"><i class=\"lsow-icon-quote\"><\/i><p>Wie das Paradies!<\/p>\n<\/div><div class=\"lsow-testimonial-user\"><div class=\"lsow-image-wrapper\"><\/div><!-- .lsow-image-wrapper --><div class=\"lsow-text\"><h3 class=\"lsow-author-name\">Matthias<\/h3><div class=\"lsow-author-credentials\"><\/div><\/div><\/div><!-- .lsow-testimonial-user --><\/div><!-- .lsow-testimonial --><\/div><!-- .lsow-testimonial-wrapper.lsow-slide --><div class=\"lsow-slide lsow-testimonial-wrapper\"><div class=\"lsow-testimonial\"><div class=\"lsow-testimonial-text\"><i class=\"lsow-icon-quote\"><\/i><p>Alle Jahre wieder (im Winter) top \ud83d\ude42<br \/>\nSuper saubere Zimmer!<br \/>\nEssen ist immer lecker und reichlich!<br \/>\nPersonal mehr als zuvorkommend und erf\u00fcllt nahezu jeden Wunsch \ud83d\ude42<\/p>\n<\/div><div class=\"lsow-testimonial-user\"><div class=\"lsow-image-wrapper\"><\/div><!-- .lsow-image-wrapper --><div class=\"lsow-text\"><h3 class=\"lsow-author-name\">Sascha<\/h3><div class=\"lsow-author-credentials\"><\/div><\/div><\/div><!-- .lsow-testimonial-user --><\/div><!-- .lsow-testimonial --><\/div><!-- .lsow-testimonial-wrapper.lsow-slide --><div class=\"lsow-slide lsow-testimonial-wrapper\"><div class=\"lsow-testimonial\"><div class=\"lsow-testimonial-text\"><i class=\"lsow-icon-quote\"><\/i><p>Seit einigen Jahren immer zu Silvester unser Highlight des Jahres! gepflegter Gasthof, beste Betreuung durch die Chefin pers\u00f6nlich, super leckeres Essen und ausgezeichnetes Fr\u00fchst\u00fccksbuffet. Und ein gro\u00dfes Plus ist, dass die Zimmer nicht nur wochenweise vermietet werden... wir hoffen, dass wir n\u00e4chstes Jahr wieder dort sein k\u00f6nnen...<\/p>\n<\/div><div class=\"lsow-testimonial-user\"><div class=\"lsow-image-wrapper\"><\/div><!-- .lsow-image-wrapper --><div class=\"lsow-text\"><h3 class=\"lsow-author-name\">Sandra<\/h3><div class=\"lsow-author-credentials\"><\/div><\/div><\/div><!-- .lsow-testimonial-user --><\/div><!-- .lsow-testimonial --><\/div><!-- .lsow-testimonial-wrapper.lsow-slide --><div class=\"lsow-slide lsow-testimonial-wrapper\"><div class=\"lsow-testimonial\"><div class=\"lsow-testimonial-text\"><i class=\"lsow-icon-quote\"><\/i><p>Sehr sch\u00f6ne Pension mit angeschlossenem Bauernhof. Einen lieben Dank noch einmal vor allem an die Damen des Hauses f\u00fcr die tolle Bewirtung bzw. die Reitbegleitung. Hund Leo hat absoluten Knuddelfaktor und stand bei den Kindern an erster Stelle.<\/p>\n<\/div><div class=\"lsow-testimonial-user\"><div class=\"lsow-image-wrapper\"><\/div><!-- .lsow-image-wrapper --><div class=\"lsow-text\"><h3 class=\"lsow-author-name\">Michael<\/h3><div class=\"lsow-author-credentials\"><\/div><\/div><\/div><!-- .lsow-testimonial-user --><\/div><!-- .lsow-testimonial --><\/div><!-- .lsow-testimonial-wrapper.lsow-slide --><\/div><!-- .lsow-slides --><\/div><!-- .lsow-testimonials-slider --><\/div><\/div><\/div><\/div><\/div>","protected":false},"excerpt":{"rendered":"<p>Aufpreis f\u00fcr Apartment mit Fr\u00fchst\u00fcck: 15,- f\u00fcr Erwachsene, 7,- f\u00fcr Kinder. Endreinigung 40,- bis 50,-. Alle Angebote und Preise sind Richtpreise, freibleibend und unverbindlich. Die Preise sind inklusive N\u00e4chtigungsabgabe von 2,50,-. Die bei uns g\u00fcltigen Stornobedingungen finden Sie hier.<\/p>\n","protected":false},"author":2,"featured_media":43,"parent":0,"menu_order":0,"comment_status":"closed","ping_status":"closed","template":"","meta":{"site-sidebar-layout":"default","site-content-layout":"default","ast-global-header-display":"","ast-main-header-display":"","ast-hfb-above-header-display":"","ast-hfb-below-header-display":"","ast-hfb-mobile-header-display":"","site-post-title":"disabled","ast-breadcrumbs-content":"disabled","ast-featured-img":"disabled","footer-sml-layout":"","theme-transparent-header-meta":"default","adv-header-id-meta":"","stick-header-meta":"","header-above-stick-meta":"","header-main-stick-meta":"","header-below-stick-meta":""},"_links":{"self":[{"href":"https:\/\/klemmerhof.at\/index.php\/wp-json\/wp\/v2\/pages\/84"}],"collection":[{"href":"https:\/\/klemmerhof.at\/index.php\/wp-json\/wp\/v2\/pages"}],"about":[{"href":"https:\/\/klemmerhof.at\/index.php\/wp-json\/wp\/v2\/types\/page"}],"author":[{"embeddable":true,"href":"https:\/\/klemmerhof.at\/index.php\/wp-json\/wp\/v2\/users\/2"}],"replies":[{"embeddable":true,"href":"https:\/\/klemmerhof.at\/index.php\/wp-json\/wp\/v2\/comments?post=84"}],"version-history":[{"count":52,"href":"https:\/\/klemmerhof.at\/index.php\/wp-json\/wp\/v2\/pages\/84\/revisions"}],"predecessor-version":[{"id":629,"href":"https:\/\/klemmerhof.at\/index.php\/wp-json\/wp\/v2\/pages\/84\/revisions\/629"}],"wp:featuredmedia":[{"embeddable":true,"href":"https:\/\/klemmerhof.at\/index.php\/wp-json\/wp\/v2\/media\/43"}],"wp:attachment":[{"href":"https:\/\/klemmerhof.at\/index.php\/wp-json\/wp\/v2\/media?parent=84"}],"curies":[{"name":"wp","href":"https:\/\/api.w.org\/{rel}","templated":true}]}}